{"id":38,"date":"2017-01-25T16:55:27","date_gmt":"2017-01-25T16:55:27","guid":{"rendered":"http:\/\/web3671.server24.web4a.de\/claudia-triebe.de\/?page_id=38"},"modified":"2020-03-02T16:30:55","modified_gmt":"2020-03-02T15:30:55","slug":"meine-workshops-fuer-dein-studio","status":"publish","type":"page","link":"https:\/\/claudia-triebe.de\/?page_id=38","title":{"rendered":"Meine Workshops"},"content":{"rendered":"<h6 class=\"p1\"><em><strong>Folgende Workshops kannst Du mit mir in Deinem Studio anbieten:<\/strong><\/em><\/h6>\n<h3 class=\"p1\"><span class=\"s1\"><b>Yoga im Arbeitsalltag und in der Freizeit<\/b><\/span><\/h3>\n<h6 class=\"p2\" style=\"text-align: left;\"><span class=\"s1\"><b>Yoga im B\u00fcro trifft Yoga nach dem Sport<\/b><\/span><\/h6>\n<p class=\"p2\" style=\"text-align: left;\"><strong><span class=\"s1\">Verspannungen l\u00f6sen &#8211; Verletzungen vorbeugen!<\/span><\/strong><\/p>\n<p class=\"p5\"><span class=\"s1\">Nahezu bewegungslos verharren wir oft minuten- oder gar stundenlang in sitzenden Haltungen vor dem Computer im B\u00fcro, in Standhaltungen hinter der Theke, in vorgebeugten, knienden Haltungen im Garten. Der Arbeitsalltag f\u00f6rdert Verspannungen und Blockaden.<\/span><\/p>\n<p class=\"p5\"><span class=\"s1\"><img loading=\"lazy\" decoding=\"async\" class=\"alignright\" src=\"https:\/\/claudia-triebe.de\/wp-content\/uploads\/2019\/10\/Beinru%CC%88ckseiten-Dehnung-1024x768.jpg\" width=\"285\" height=\"214\" \/><\/span><\/p>\n<p class=\"p6\"><span class=\"s1\">Sportliche Begeisterung intensiviert und verl\u00e4ngert m\u00f6glicherweise unsere Trainingseinheiten und f\u00fchrt nicht immer zum gew\u00fcnschten Ziel: Kr\u00e4ftigung, Beweglichkeit, Kraft-Ausdauer-Verbesserung. Degeneration,<span class=\"Apple-converted-space\">\u00a0 \u00a0 <\/span>Schmerzen und Ersch\u00f6pfung k\u00f6nnen die Folge sein.<\/span><\/p>\n<p class=\"p6\"><span class=\"s1\">Individuelle \u00dcbungen l\u00f6sen Verspannungen im Schulter-Nacken-Bereich, kr\u00e4ftigen und dehnen die Schulter-Nacken-Muskulatur, mobilisieren die Wirbels\u00e4ule und stimulieren die Faszien. Dies kann unmittelbar zu einer akuten Schmerzlinderung, zur L\u00f6sung energetischer Blockaden und so zu einem verbesserten allgemeinen Wohlbefinden f\u00fchren.<\/span><\/p>\n<p class=\"p6\"><span class=\"s1\"><img loading=\"lazy\" decoding=\"async\" class=\"alignleft\" src=\"https:\/\/claudia-triebe.de\/wp-content\/uploads\/2020\/01\/Sattel.jpg\" width=\"178\" height=\"238\" \/> <\/span><\/p>\n<p class=\"p6\"><span class=\"s1\">Spezielle Yoga-Positionen f\u00f6rdern nicht nur den direkten Muskelaufbau (Core-, R\u00fccken- und Beinkraft) sondern sorgen ebenfalls durch eine schnellere Regeneration der Muskelzellen und einen Abbau von erh\u00f6hter Muskelspannung f\u00fcr einen indirekten Muskelaufbau. So k\u00f6nnen nach intensiven Trainingseinheiten von Kraft- und Ausdauersportarten auf bestimmte Muskeln fokussierte Yoga-Haltungen zu einer schnelleren Regeneration der Muskeln f\u00fchren und auch das Verletzungsrisiko minimieren. Fit und energiegeladen f\u00e4llt die folgende Trainingseinheit leichter und f\u00fchrt zu einem schnelleren und st\u00e4rkeren Muskelwachstum.<span class=\"Apple-converted-space\">\u00a0 <\/span>So profitiert jeder Sportler von einer regelm\u00e4\u00dfigen Yoga-Praxis.<\/span><\/p>\n<p class=\"p1\">Dauer: 2 1\/2 Stunden<\/p>\n<p class=\"p1\">Kosten: 39,00 \u20ac pro Teilnehmer<\/p>\n<hr \/>\n<h3><img decoding=\"async\" src=\"https:\/\/claudia-triebe.de\/wp-content\/uploads\/2020\/01\/SalonFW.jpg\" \/><\/h3>\n<h3 class=\"p1\"><span class=\"s1\"><b>Die wundersame Welt der Faszien<\/b><\/span><\/h3>\n<p class=\"p1\"><span class=\"s1\"><b>Faszien Fitness &#8211; Faszien Yoga &#8211; Faszien Massage<\/b><\/span><\/p>\n<p class=\"p2\"><span class=\"s1\">Faszienlinien durchziehen unseren gesamten K\u00f6rper. Einige Yoga-Haltungen stimulieren einzelne myofasziale Leitbahnen, komplexere Asanas mehrere Zuglinien. Unser vielf\u00e4ltiges Fasziengewebe freut sich \u00fcber verschiedene Zuwendungen, denn genau wie das Muskelgewebe<span class=\"Apple-converted-space\">\u00a0 <\/span>reagiert es auf Stress und Belastungen, was zu schmerzhaften Verklebungen und Verfilzungen f\u00fchren kann. Spezielle Bewegungen, Stimulation durch Zug und Druck, Ausstreichungen und Massage wirken wahre Wunder.<\/span><\/p>\n<p><img loading=\"lazy\" decoding=\"async\" class=\"alignleft\" src=\"https:\/\/claudia-triebe.de\/wp-content\/uploads\/2019\/10\/Baum-in-der-Wu%CC%88ste-768x1024.jpg\" width=\"158\" height=\"211\" \/><\/p>\n<p class=\"p2\"><span class=\"s1\">Dieser Workshop richtet sich an alle, die etwas tiefer in die Welt der Faszien eintauchen m\u00f6chten. Jeder hat unterschiedliche Bed\u00fcrfnisse und ben\u00f6tigt individuelle gesundheitsf\u00f6rdernde \u00dcbungen zur Stimulation der einzelnen Faszienlinien: Frontal-, R\u00fccken-, Lateral-, Spirallinien etc.<\/span><\/p>\n<p class=\"p2\"><span class=\"s1\">Das <b>Training des Bindegewebes in der Bewegung<\/b>, die <b>Anspannung und Dehnung in Yoga Positionen<\/b> sowie die<b> Massage und Ausstreichungen<\/b> verschiedener Bereiche mit den eigenen H\u00e4nden und durch unterst\u00fctzende Freunde (Faszienrolle, Yoga Wheel, Faszienb\u00e4lle) sind Gegenstand dieses Workshops.<\/span><\/p>\n<p><span class=\"s1\"><b><img loading=\"lazy\" decoding=\"async\" class=\"alignright\" src=\"https:\/\/claudia-triebe.de\/wp-content\/uploads\/2019\/10\/Fersensitz-in-der-Wu%CC%88ste-1024x768.jpg\" width=\"195\" height=\"146\" \/><\/b><\/span><\/p>\n<p class=\"p2\"><span class=\"s1\">Die Teilnehmer entwickeln ein neues Bewusstsein f\u00fcr die Funktion der Faszien (Zuglinien, Bindegewebe, Sehnen, B\u00e4nder, Knorpel) und erfahren welche Faszienlinien in Yogahaltungen gedehnt oder kontrahiert werden.<\/span><\/p>\n<p class=\"p2\"><span class=\"s1\"><b>Funktionalit\u00e4t statt \u00c4sthetik<\/b><\/span><\/p>\n<p class=\"p2\"><span class=\"s1\">Unser Ziel ist nicht \u00e4sthetische Performance sondern Wohlbefinden, Leistungsf\u00e4higkeit und Gesundheit zu f\u00f6rdern. Sinnvolle, angenehme \u00dcbungen f\u00fcr K\u00f6rper und Geist helfen uns energiegeladen, gesund und schmerzfrei unseren Alltag zu meistern.<\/span><\/p>\n<p class=\"p1\">Dauer: 2 1\/2 Stunden<\/p>\n<p class=\"p1\">Kosten: 39,00 \u20ac pro Teilnehmer<\/p>\n<hr \/>\n<h3><img decoding=\"async\" src=\"https:\/\/claudia-triebe.de\/wp-content\/uploads\/2020\/01\/SalonFW2.jpg\" \/><\/h3>\n<h3 class=\"p1\"><strong><span class=\"s1\">Yoga Wheel Workshop <\/span><\/strong><\/h3>\n<h6 class=\"p2\"><strong><span class=\"s1\">Beweglichkeit und Balance &#8211; Kraft und Kontrolle <\/span><\/strong><\/h6>\n<p class=\"p1\"><span class=\"s1\"><b>Mein neuer Freund das Yoga Wheel:<\/b> <b>herausfordernd, unterst\u00fctzend, anschmiegsam!<\/b><\/span><\/p>\n<p class=\"p1\"><span class=\"s1\">Entdecke eine neue Beweglichkeit Deiner Wirbels\u00e4ule. Genie\u00dfe mit belebenden R\u00fcckbeugen auf dem Wheel eine sanfte Massage von Muskulatur und Fasziengewebe. L\u00f6se Verspannungen und Blockaden im ganzen K\u00f6rper. <\/span><\/p>\n<p><img loading=\"lazy\" decoding=\"async\" class=\"size-medium wp-image-892 alignright\" src=\"https:\/\/claudia-triebe.de\/wp-content\/uploads\/2019\/03\/W-Halbmond-2-300x200.jpg\" alt=\"\" width=\"300\" height=\"200\" srcset=\"https:\/\/claudia-triebe.de\/wp-content\/uploads\/2019\/03\/W-Halbmond-2-300x200.jpg 300w, https:\/\/claudia-triebe.de\/wp-content\/uploads\/2019\/03\/W-Halbmond-2-768x512.jpg 768w, https:\/\/claudia-triebe.de\/wp-content\/uploads\/2019\/03\/W-Halbmond-2-1024x683.jpg 1024w\" sizes=\"auto, (max-width: 300px) 100vw, 300px\" \/><\/p>\n<p><img loading=\"lazy\" decoding=\"async\" class=\"size-medium wp-image-890 alignleft\" src=\"https:\/\/claudia-triebe.de\/wp-content\/uploads\/2019\/03\/W-Brett-8-300x200.jpg\" alt=\"\" width=\"300\" height=\"200\" srcset=\"https:\/\/claudia-triebe.de\/wp-content\/uploads\/2019\/03\/W-Brett-8-300x200.jpg 300w, https:\/\/claudia-triebe.de\/wp-content\/uploads\/2019\/03\/W-Brett-8-768x512.jpg 768w, https:\/\/claudia-triebe.de\/wp-content\/uploads\/2019\/03\/W-Brett-8-1024x683.jpg 1024w\" sizes=\"auto, (max-width: 300px) 100vw, 300px\" \/><\/p>\n<p class=\"p1\"><span class=\"s1\">Erfahre eine neue Balance, um Deine K\u00f6rpermitte zu kr\u00e4ftigen. Rolle kontrolliert in Dehnungs\u00fcbungen, steigere spielerisch die Intensit\u00e4t.<\/span><\/p>\n<p class=\"p1\"><span class=\"s1\">Sp\u00fcre einen neuen Fluss Deiner Energie.<\/span><\/p>\n<p class=\"p1\"><span class=\"s1\">Die stabile Struktur des Yoga Wheels tr\u00e4gt das K\u00f6rpergewicht, schmiegt sich mit sanftem Druck an Knochen, Muskeln und Gewebe und wirkt stimulierend auf den gesamten K\u00f6rper.<\/span><\/p>\n<p><img loading=\"lazy\" decoding=\"async\" class=\"size-medium wp-image-891 alignright\" src=\"https:\/\/claudia-triebe.de\/wp-content\/uploads\/2019\/03\/W-Gestreckte-R\u00fcckbeuge-300x200.jpg\" alt=\"\" width=\"300\" height=\"200\" srcset=\"https:\/\/claudia-triebe.de\/wp-content\/uploads\/2019\/03\/W-Gestreckte-R\u00fcckbeuge-300x200.jpg 300w, https:\/\/claudia-triebe.de\/wp-content\/uploads\/2019\/03\/W-Gestreckte-R\u00fcckbeuge-768x512.jpg 768w, https:\/\/claudia-triebe.de\/wp-content\/uploads\/2019\/03\/W-Gestreckte-R\u00fcckbeuge-1024x683.jpg 1024w\" sizes=\"auto, (max-width: 300px) 100vw, 300px\" \/><\/p>\n<p class=\"p1\"><span class=\"s1\">Die leicht rollende Bewegung des Wheels w\u00e4hrend Stand- und St\u00fctz-Asanas stellen den \u00dcbenden vor neue Herausforderungen. Scheinbar leicht und locker st\u00e4rken wir unsere Muskulatur und verbessern unsere Beweglichkeit.<\/span><\/p>\n<p class=\"p1\"><span class=\"s1\">In diesem Workshop lernst Du eine Variation des Sonnengrusses mit dem Yoga Wheel. sowie verschiedene traditionelle Asanas bei denen das Wheel unterst\u00fctzend oder auch verst\u00e4rkend wirkt. Kr\u00e4ftigende Yang-Flows und<\/span><\/p>\n<p><img loading=\"lazy\" decoding=\"async\" class=\"wp-image-894 alignleft\" src=\"https:\/\/claudia-triebe.de\/wp-content\/uploads\/2019\/03\/W-Viparita-Karani-3-300x200.jpg\" alt=\"\" width=\"300\" height=\"200\" srcset=\"https:\/\/claudia-triebe.de\/wp-content\/uploads\/2019\/03\/W-Viparita-Karani-3-300x200.jpg 300w, https:\/\/claudia-triebe.de\/wp-content\/uploads\/2019\/03\/W-Viparita-Karani-3-768x512.jpg 768w, https:\/\/claudia-triebe.de\/wp-content\/uploads\/2019\/03\/W-Viparita-Karani-3-1024x683.jpg 1024w\" sizes=\"auto, (max-width: 300px) 100vw, 300px\" \/><\/p>\n<p class=\"p1\"><span class=\"s1\">entspannende Yin Sequenzen harmonisieren Dein Yin und Yang. Spezielle Umkehrhaltungen und neue Positionen f\u00fcr Shavasana beschlie\u00dfen die Praxis mit dem Yoga Wheel.<\/span><\/p>\n<p class=\"p1\"><span class=\"s1\">Das Yoga Wheel passt sich der Anatomie Deines K\u00f6rpers an und der eigenen Kreativit\u00e4t sind keine Grenzen gesetzt.<\/span><\/p>\n<p class=\"p1\">Dauer: 2 1\/2 Stunden<\/p>\n<p class=\"p1\">Kosten: 39,00 \u20ac pro Teilnehmer<\/p>\n<hr \/>\n<h3><b>Inside Flow\u00ae meets Yoga Nidra &#8211;\u00a0<\/b><b>Ein Yogischer Tanz flie\u00dft in den Yogischen Schlaf\u00a0<\/b><\/h3>\n<h6 style=\"text-align: left;\"><b>Berauschend<\/b><b> und <\/b><b>Erfrischend<\/b><b>!\u00a0<\/b><\/h6>\n<p><strong>F\u00fchle die Musik und nutze ihre Kraft. Verbinde Takt, Bewegung, Atem, K\u00f6rper und Geist. Erlebe deine Emotionen im Ausdruck deiner Bewegung.\u00a0Begebe dich anschlie\u00dfend bewegungslos auf den Weg zur Bewusstwerdung deines Selbst. Flie\u00dfe in eine Tiefenentspannung und erfahre im Unbew<\/strong><strong>ussten liegende Kr\u00e4fte. Erwecke ungelebte M\u00f6glichkeiten zum Leben.<\/strong><\/p>\n<p>Young-Ho Kim entwickelte den Inside Flow<b>\u00ae<\/b>Yoga-Stil als eine Symbiose von Tradition und Evolution. Eine Choreografie von klassischen Asanas zu moderner Musik l\u00e4sst die Teilnehmer Atem- und K\u00f6rperbewegung \u00e4hnlich wie im Vinyasa Flow miteinander verbinden.<\/p>\n<p><img loading=\"lazy\" decoding=\"async\" class=\"wp-image-673 alignright\" src=\"http:\/\/web3671.server24.web4a.de\/claudia-triebe.de\/wp-content\/uploads\/2018\/09\/Claudia-Rockstar-225x300.jpg\" alt=\"\" width=\"146\" height=\"195\" srcset=\"https:\/\/claudia-triebe.de\/wp-content\/uploads\/2018\/09\/Claudia-Rockstar-225x300.jpg 225w, https:\/\/claudia-triebe.de\/wp-content\/uploads\/2018\/09\/Claudia-Rockstar-768x1024.jpg 768w, https:\/\/claudia-triebe.de\/wp-content\/uploads\/2018\/09\/Claudia-Rockstar.jpg 1200w\" sizes=\"auto, (max-width: 146px) 100vw, 146px\" \/><\/p>\n<p>Durch eine speziell auf den Takt ausgearbeitete Bewegungs-abfolge erscheint der Flow durch die Asanas wie ein Tanz.\u00a0Die Musik erlaubt es, die Aufmerksamkeit nach Innen zu lenken und beeinflusst den emotionalen Ausdruck der Bewegungen. So gestaltet sich der Inside Flow\u00ae\u00a0zu einem unvergesslichen Erlebnis.<\/p>\n<p>Berauscht von Deinem Tanz, l\u00e4sst du dich anschlie\u00dfend in den Yogischen Schlaf leiten, der nach einer intensiver Yoga-Praxis deinen K\u00f6rper, deinen Geist und deine Seele noch effektiver erfrischt.<\/p>\n<p>Dieser Workshop ist f\u00fcr alle, die zwei wunderbare Yoga-Erlebnisse erfahren m\u00f6chten und so mit neuer Energie entspannt in den Alltag zur\u00fcckkehren.<\/p>\n<p class=\"p1\">Dauer: 2 1\/2 Stunden<\/p>\n<p class=\"p1\">Kosten: 39,00 \u20ac pro Teilnehmer<\/p>\n<hr \/>\n<h3><b>Yin &amp; Yang Yoga Workshop &#8211;\u00a0 <\/b><b>Entgiften &amp; Entschlacken<\/b><\/h3>\n<p><b>Genussvoll genie\u00dfen ohne Bedauern. Auch mal schlechte Tage haben d\u00fcrfen, an denen sich eine l\u00e4hmende Schwere im K\u00f6rper ausbreitet. &#8211; Dies geh\u00f6rt zu unserem Alltag dazu.\u00a0<\/b><\/p>\n<p>Yoga bietet uns einen Weg emotionale, energetische und k\u00f6rperliche Blockaden und Spannungen zu l\u00f6sen. An einigen Tagen, abh\u00e4ngig von speziellen Lebensumst\u00e4nden ben\u00f6tigen der K\u00f6rper und die Seele noch ein wenig mehr.<\/p>\n<p>Einige Positionen (Asanas) im Yoga stimulieren den Stoffwechsel, massieren die Verdauungsorgane und entgiften den K\u00f6rper. Nicht mehr ben\u00f6tigte Produkte werden in das Gewebe gebracht und aus dem K\u00f6rper heraus geschwemmt. Das Loslassen in tiefen, lange gehaltenen Positionen aktiviert spezielle Energie-Leitbahnen unseres K\u00f6rpers und l\u00e4sst die K\u00f6rpers\u00e4fte flie\u00dfen.<\/p>\n<p><img loading=\"lazy\" decoding=\"async\" class=\"size-medium wp-image-603 alignright\" src=\"http:\/\/web3671.server24.web4a.de\/claudia-triebe.de\/wp-content\/uploads\/2018\/07\/12290108-e1532696512469-300x151.jpg\" alt=\"\" width=\"300\" height=\"151\" srcset=\"https:\/\/claudia-triebe.de\/wp-content\/uploads\/2018\/07\/12290108-e1532696512469-300x151.jpg 300w, https:\/\/claudia-triebe.de\/wp-content\/uploads\/2018\/07\/12290108-e1532696512469-768x387.jpg 768w, https:\/\/claudia-triebe.de\/wp-content\/uploads\/2018\/07\/12290108-e1532696512469-1024x516.jpg 1024w\" sizes=\"auto, (max-width: 300px) 100vw, 300px\" \/><\/p>\n<p>Dieser Workshop verbindet entgiftende Elemente aus dem Yang Yoga mit stimulierenden Haltungen aus dem Yin Yoga. Die spezielle Anordnung der Asanas im Fluss der Bewegung und in Verbindung mit der Atmung aktiviert den Stoffwechsel und f\u00f6rdert die Entgiftung und Entschlackung.<\/p>\n<p>Anschlie\u00dfend sinken die \u00dcbenden in einzelne Asanas ohne jegliche Muskelanspannung und halten diese 3-5 Minuten. Dies stimuliert nicht nur tiefe Gewebeschichten (Faszien, B\u00e4nder, Sehnen) sowie Gelenke und Knochen sondern auch spezielle Energie-Leitbahnen im K\u00f6rper (Nadis, Meridiane).<\/p>\n<p>Wir \u00fcben 3 mal eine einpr\u00e4gsame Yang-Sequenz, so dass sich K\u00f6rper und Geist bei Bedarf erinnern. Unterst\u00fctzend erhalten die Teilnehmer ein Handout mit den Asanas des Yang Flows und der Yin-Reihe.<\/p>\n<p class=\"p1\">Dauer: 2 1\/2 Stunden<\/p>\n<p class=\"p1\">Kosten: 39,00 \u20ac pro Teilnehmer<\/p>\n<hr \/>\n<h3><b>Ayurveda meets Yoga &#8211; Workshop<\/b><\/h3>\n<p><b>Ayurveda gilt als die kleine Schwester des Yoga. Finde heraus, welcher ayurvedische Energie-Typ (Pitta, Vata, Kapha) Du bist und welche Yoga-Praxis zu Dir passt.<\/b><\/p>\n<p>Deine individuelle Konstitution, die abh\u00e4ngig von Alter, Jahres- und auch Tageszeit ist, empfiehlt Dir eine spezielle Yoga-Praxis. Nicht immer entsprechen unsere Vorlieben unserem Energie-Typ. Dieser ben\u00f6tigt m\u00f6glicherweise einen anderen Yoga-Stil oder ein ver\u00e4ndertes \u00dcben.<\/p>\n<p>Yoga aus ayurvedischer Sicht richtet sich auf die k\u00f6rperliche Wirkung und den gesundheitlichen Wert der Asanas. Ayurveda als Gesundheitslehre f\u00fcr K\u00f6rper und Psyche nutzt die Elemente des Yoga: Bewegung und Kr\u00e4ftigung des K\u00f6rpers als Teil eines gesunden Lebens; Ber\u00fccksichtigung spezieller Handicaps und entsprechende therapeutische Ausrichtung; F\u00f6rderung des Bewusstseins f\u00fcr K\u00f6rper und Geist.<\/p>\n<p>In diesem Workshop bestimmen wir Deine vorherrschenden Doshas (Pitta, Vata, Kapha) und entwickeln f\u00fcr jeden Dosha-Typ eine spezielle Yoga-Praxis.<\/p>\n<p>Asanas kr\u00e4ftigen, dehnen und entspannen. Sie gelten als die wichtigsten Bewegungs\u00fcbungen zur Harmonisierung der Doshas. Dynamische Pitta-Typen ben\u00f6tigen eine kraftreduzierte Praxis. Herrscht das Vata-Dosha vor, empfehlen sich stabilisierende, erdende Positionen. Die entspannten Kapha-Typen profitieren von einer energiereichen Yoga-Praxis.<\/p>\n<p>Wenn Deine Neugierde geweckt ist und Du die ayurvedischen Aspekte des Yoga entdecken m\u00f6chtest, bist Du in diesem Workshop genau richtig.<\/p>\n<p class=\"p1\">Dauer: 2 1\/2 Stunden<\/p>\n<p class=\"p1\">Kosten: 39,00 \u20ac pro Teilnehmer<\/p>\n<hr \/>\n<h3><b>Energie (Meditations) Workshop<\/b><\/h3>\n<p><b>Flie\u00dfe<\/b> durch die Bewegung. <b>Erfahre<\/b> die Musik. <b>Genie\u00dfe<\/b> die Stille in Dir. <b>Sp\u00fcre<\/b> die Ver\u00e4nderung. <b>Kehre<\/b> erbl\u00fcht mit neuer Kraft in den Alltag zur\u00fcck.<\/p>\n<p>Reglos in der Stille sitzen. Nichts denken, planen, bewerten. Den K\u00f6rper, Atem und Geist bewusst wahrnehmen.<\/p>\n<p>Es f\u00e4llt uns schwer unser Gedanken-Karussell zu verlangsamen oder gar zum Stillstand zu bringen. Auch das bewegungslose Sitzen in der Stille ist f\u00fcr uns eine Herausforderung.<\/p>\n<p><b>Meditation<\/b> ist f\u00fcr einige ein abschreckender Begriff. <i>\u201eIm Lotus sitzen kann ich nicht.\u201c \u201eEinfach nur sitzen, daf\u00fcr habe ich keine Zeit.\u201c \u201eDas funktioniert bei mir auch gar nicht.\u201c<\/i> &#8211; Gedanken, die mehr oder weniger vertraut sind.<\/p>\n<p>Ich m\u00f6chte Dir einen Weg zu Deiner Meditation zeigen. Es muss nicht immer eine absolut stille Meditation sein. Auch eine dynamische Meditation f\u00fchrt Dich zu Dir, zu Deinem K\u00f6rper, Deinem Geist und in die Stille.<\/p>\n<p>Dieser Workshop richtet sich an alle, die eine M\u00f6glichkeit suchen, f\u00fcr einige Zeit dem Alltag zu entfliehen, erdr\u00fcckenden Ballast abzuwerfen, leere Batterien aufzuladen, um mit frischer Energie gest\u00e4rkt die Herausforderungen des Lebens anzunehmen.<\/p>\n<p>Ich stelle Dir verschiedene Meditations-Techniken vor &#8211; zwei stille und eine dynamische. Wir \u00fcben gemeinsam und tauschen unsere Erfahrungen aus. Jeder Einzelne findet seine Energiedusche, die sich befreiend und erfrischend auf K\u00f6rper und Geist auswirkt.<\/p>\n<p class=\"p1\">Dauer: 2 1\/2 Stunden<\/p>\n<p class=\"p1\">Kosten: 35,00 \u20ac pro Teilnehmer<\/p>\n<hr \/>\n<h3 class=\"p1\"><strong>Yoga Alignment Workshop<\/strong><\/h3>\n<h5><strong>Individuelle K\u00f6rper ben\u00f6tigen individuelle Ausrichtungen<\/strong><\/h5>\n<p><strong>Wo liegen meine St\u00e4rken und Schw\u00e4chen?<br \/>\n<\/strong><span class=\"s1\">Weshalb ist es so schwierig aus dem Herabschauenden Hund, den Fuss vorne zwischen die H\u00e4nde zu setzen?<br \/>\n<\/span><span class=\"s1\">Wie flie\u00dfe ich kraftvoll und gelenkschonend \u00fcber den Chaturanga in den Heraufschauenden Hund?<br \/>\n<\/span><span class=\"s1\">Warum stehe ich nicht stabil im Krieger II?<\/span><\/p>\n<p class=\"p1\"><span class=\"s1\">Dieser Workshop richtet sich an Yoga-Praktizierende, die ihre Ausrichtung in verschiedenen Asanas korrigieren und pr\u00e4zisieren m\u00f6chten. W\u00e4hrend einer Yoga-Stunde findet sich h\u00e4ufig zu wenig Zeit f\u00fcr eine individuelle Ausrichtung der \u00dcbenden. Jeder hat unterschiedliche St\u00e4rken und Schw\u00e4chen und damit spezielle<span class=\"Apple-converted-space\">\u00a0 <\/span>Bed\u00fcrfnisse. <\/span><\/p>\n<p class=\"p1\"><span class=\"s1\">Es gilt diese Bed\u00fcrfnisse zu erkennen und die Positionen entsprechend gesundheitsf\u00f6rdernd anzupassen. Die Teilnehmer entwickeln ein neues Bewusstsein f\u00fcr die Funktion der Gelenke und Muskeln und erkennen die anatomische Struktur ihres K\u00f6rpers. Sie lernen mit gezielten \u00dcbungen und den Einsatz verschiedener Hilfsmittel (Bl\u00f6cke, Bolster, Decken, Gurte oder auch einer Wand) ihre \u201aHandicaps\u2018 anzunehmen, sich zu ver\u00e4ndern und zu verbessern.<\/span><\/p>\n<h5 class=\"p1\"><strong>Funktionalit\u00e4t statt \u00c4sthetik<img loading=\"lazy\" decoding=\"async\" class=\"size-medium wp-image-795 alignleft\" src=\"http:\/\/web3671.server24.web4a.de\/claudia-triebe.de\/wp-content\/uploads\/2019\/02\/Yogatools-300x225.jpg\" alt=\"\" width=\"300\" height=\"225\" srcset=\"https:\/\/claudia-triebe.de\/wp-content\/uploads\/2019\/02\/Yogatools-300x225.jpg 300w, https:\/\/claudia-triebe.de\/wp-content\/uploads\/2019\/02\/Yogatools-768x576.jpg 768w, https:\/\/claudia-triebe.de\/wp-content\/uploads\/2019\/02\/Yogatools.jpg 1024w\" sizes=\"auto, (max-width: 300px) 100vw, 300px\" \/><\/strong><\/h5>\n<p class=\"p1\"><span class=\"s1\">Die kleine Teilnehmerzahl bietet genug Raum f\u00fcr individuelle sowie allgemeine Beratung. Unser Ziel ist nicht \u00e4sthetische Performance sondern eine sinnvolle, f\u00fcr K\u00f6rper und Geist angenehme Ausrichtung. Mit dem Wissen, die Asanas hinsichtlich der eigenen K\u00f6rperstruktur zu modifizieren, kehren die \u00dcbenden in ihre Yoga-Praxis zur\u00fcck.<\/span><\/p>\n<p class=\"p1\">Dauer: 2 1\/2 Stunden<\/p>\n<p class=\"p1\">Kosten: 35,00 \u20ac pro Teilnehmer<\/p>\n<hr \/>\n<h3 class=\"p1\"><span class=\"s1\"><b>Yin Yoga Workshop<\/b><\/span><b> <\/b><\/h3>\n<h5 class=\"p1\"><span class=\"s2\"><b>Daheim und Unterwegs<\/b><\/span><\/h5>\n<p class=\"p1\"><span class=\"s1\"><b> Entspannt zu Bett gehen. Wohltuend durchschlafen. Erfrischt und ausgeruht vor dem Wecker aufwachen. Wer m\u00f6chte das nicht?<\/b><\/span><\/p>\n<p class=\"p1\"><span class=\"s1\">Dieser sanfte, stimulierende Yoga-Stil richtet den K\u00f6rper unter Ber\u00fccksichtigung seiner individuellen Beschaffenheit in spezielle, funktionelle Positionen aus.\u00a0<\/span><span class=\"s1\">Dabei nutzen wir Gegenst\u00e4nde, die uns auf Reisen oder auch Zuhause zur Verf\u00fcgung stehen, um eine f\u00fcr den eigenen K\u00f6rper effektive Ausrichtung zu erlangen.\u00a0<\/span>Besondere \u00dcbungssequenzen f\u00f6rdern die Entspannung und Regeneration von K\u00f6rper und Geist.<\/p>\n<p class=\"p1\"><span class=\"s1\"><b>Individuelle Stimulation statt Anspannung<\/b><\/span><\/p>\n<p class=\"p1\"><span class=\"s1\">Im Yin Yoga sinken die \u00dcbenden in die einzelnen Asanas (Haltungen) ohne jegliche Muskelanspannung und halten diese 3-5 Minuten. Dies stimuliert tiefe Gewebeschichten (Faszien, B\u00e4nder, Sehnen) sowie Gelenke und Knochen. Es befeuchtet und \u201aentklebt\u2019 das Gewebe und trainiert die Gelenke zu ihrer vollen Beweglichkeit. Chronische muskul\u00e4re Verspannungen und emotionale Blockaden verringern sich oder l\u00f6sen sich auf. Die individuell angepassten Positionen wirken sich beruhigend auf das Nervensystem sowie auf die Gef\u00fchls- und Gedankenwelt des Einzelnen aus.\u00a0<\/span><\/p>\n<p><img loading=\"lazy\" decoding=\"async\" class=\"wp-image-642 alignright\" src=\"http:\/\/web3671.server24.web4a.de\/claudia-triebe.de\/wp-content\/uploads\/2018\/07\/12290102-e1532780751974-300x253.jpg\" alt=\"\" width=\"246\" height=\"208\" srcset=\"https:\/\/claudia-triebe.de\/wp-content\/uploads\/2018\/07\/12290102-e1532780751974-300x253.jpg 300w, https:\/\/claudia-triebe.de\/wp-content\/uploads\/2018\/07\/12290102-e1532780751974-768x647.jpg 768w, https:\/\/claudia-triebe.de\/wp-content\/uploads\/2018\/07\/12290102-e1532780751974-1024x863.jpg 1024w, https:\/\/claudia-triebe.de\/wp-content\/uploads\/2018\/07\/12290102-e1532780751974.jpg 1966w\" sizes=\"auto, (max-width: 246px) 100vw, 246px\" \/><\/p>\n<p class=\"p1\"><span class=\"s1\">Dieser <strong>Workshop<\/strong> stellt spezielle Positionen vor, die der \u00dcbende mit Hilfe einer <\/span><span class=\"s2\"><b>Wand<\/b><\/span><span class=\"s1\"> oder <\/span><span class=\"s2\"><b>T\u00fc<\/b><\/span><span class=\"s1\"><strong>r<\/strong>, einem\u00a0<\/span><span class=\"s2\"><b>gro\u00dfen\u00a0Handtuch<\/b><\/span><span class=\"s1\"> oder einem <\/span><span class=\"s2\"><b>Kopf-\/Sofakissen<\/b><\/span><span class=\"s1\"> leicht einnehmen kann. <\/span><\/p>\n<p class=\"p1\"><span class=\"s1\">Jeder Teilnehmer erf\u00e4hrt seine individuelle Ausrichtung der einzelnen Asanas. Es werden Haltungen ge\u00fcbt, die <b>Kopfschmerzen lindern, Schlafst\u00f6rungen vermindern, einen Jetlag ertr\u00e4glicher machen <\/b>und<b> Stress abbauen.\u00a0<\/b><\/span><span class=\"s1\">Ein <\/span><span class=\"s3\"><b>Handout<\/b><\/span><span class=\"s1\"> mit Beschreibungen, wie die einzelnen Positionen eingenommen werden sowie\u00a0<\/span><span class=\"s3\"><b>Fotos<\/b><\/span><span class=\"s1\"> der verschiedenen Asanas, erleichtern den Gebrauch f\u00fcr <\/span><span class=\"s3\"><b>Daheim und Unterwegs<\/b><\/span><span class=\"s1\">.<\/span><\/p>\n<p class=\"p1\">Dauer: 2 1\/2 Stunden<\/p>\n<p class=\"p1\">Kosten: 39,00 \u20ac pro Teilnehmer<\/p>\n<hr \/>\n<h3 class=\"p1\"><span class=\"s1\"><b>Einsteiger Workshop<\/b><\/span><\/h3>\n<h5 class=\"p1\"><span class=\"s1\"><b>Erste Schritte &#8211; Verbinde K\u00f6rper, Atem und Geist<\/b><\/span><\/h5>\n<p class=\"p2\"><strong><span class=\"s1\">Bin ich Yoga? Kann ich Yoga? Will ich Yoga? <\/span><\/strong><\/p>\n<p class=\"p2\"><span class=\"s1\">Verbiegen wie eine Brezel, kraftvoll balancieren auf den Handfl\u00e4chen oder entspannt auf einem Bein. Es erscheint vielen undenkbar, spezielle Yoga-Positionen (Asanas) jemals erreichen zu k\u00f6nnen. Aber was z\u00e4hlt, ist nicht eine besonders\u00a0spektakul\u00e4re Asana, sondern d<\/span><span class=\"s1\">er Weg dorthin. Jeder Schritt auf diesem Weg und sei er zun\u00e4chst noch so unsicher oder unbeholfen, ver\u00e4ndert Deinen K\u00f6r<\/span><span class=\"s1\">per und Deinen Geist. Also trau Dich: Mache Deinen ersten Schritt.<\/span><\/p>\n<p><img loading=\"lazy\" decoding=\"async\" class=\"size-medium wp-image-794 alignright\" src=\"http:\/\/web3671.server24.web4a.de\/claudia-triebe.de\/wp-content\/uploads\/2019\/02\/Yogaraum-300x225.jpg\" alt=\"\" width=\"300\" height=\"225\" srcset=\"https:\/\/claudia-triebe.de\/wp-content\/uploads\/2019\/02\/Yogaraum-300x225.jpg 300w, https:\/\/claudia-triebe.de\/wp-content\/uploads\/2019\/02\/Yogaraum-768x576.jpg 768w, https:\/\/claudia-triebe.de\/wp-content\/uploads\/2019\/02\/Yogaraum.jpg 1024w\" sizes=\"auto, (max-width: 300px) 100vw, 300px\" \/><\/p>\n<p class=\"p2\"><span class=\"s1\">Wenn Du Dir nicht sicher bist, was Yoga ist und ob es \u00fcberhaupt etwas f\u00fcr Dich sein kann, dann bist Du hier genau richtig. <\/span><span class=\"s1\">Ich f\u00fchre Dich langsam, ohne Dich zu \u00fcberfrachten, in die Philosophie und Praxis des Yoga ein: <\/span><\/p>\n<p class=\"p2\"><span class=\"s1\">Ich gebe Dir einen kurzen Einblick in die ethischen Grundprinzipien, schaffe Bewusstsein f\u00fcr Deinen K\u00f6rper und Atem, leite Dich in erste Positionen, fokussiere Deinen Geist und flie\u00dfe schlie\u00dflich mit Dir durch eine kleine \u00dcbungsabfolge. In der Endentspannung hast Du Gelegenheit, das Erlebte zu reflektieren, um es dann loszulassen und in eine wohltuende Tiefenentspannung zu gleiten.<br \/>\n<\/span><\/p>\n<p class=\"p1\"><span class=\"s1\">Dauer: 2 1\/2 Stunden<\/span><\/p>\n<p class=\"p1\"><span class=\"s1\">Kosten: 36,00 \u20ac pro Teilnehmer<\/span><\/p>\n<hr \/>\n<h3 class=\"p1\"><span class=\"s1\"><b>Budokon\u00ae Yoga Workshop<\/b><\/span><\/h3>\n<h3 class=\"p1\"><span class=\"s1\"><b>\u00a0<img loading=\"lazy\" decoding=\"async\" class=\"wp-image-59 alignnone\" src=\"http:\/\/web3671.server24.web4a.de\/claudia-triebe.de\/wp-content\/uploads\/2017\/01\/Unbekannt-small-28.jpg\" alt=\"\" width=\"151\" height=\"100\" \/>\u00a0\u00a0<img loading=\"lazy\" decoding=\"async\" class=\"wp-image-58 alignnone\" src=\"http:\/\/web3671.server24.web4a.de\/claudia-triebe.de\/wp-content\/uploads\/2017\/01\/pasted-image-small-25.png\" alt=\"\" width=\"80\" height=\"101\" \/>\u00a0\u00a0<\/b><\/span><\/h3>\n<h5 class=\"p1\"><span class=\"s1\"><b>Der Weg des Kriegers &#8211; Kraftvoll. Dynamisch. Friedlich.<img loading=\"lazy\" decoding=\"async\" class=\"size-medium wp-image-53 alignright\" src=\"http:\/\/web3671.server24.web4a.de\/claudia-triebe.de\/wp-content\/uploads\/2017\/01\/BudokonFlyer-1-e1485714904954-300x208.jpg\" alt=\"\" width=\"300\" height=\"208\" srcset=\"https:\/\/claudia-triebe.de\/wp-content\/uploads\/2017\/01\/BudokonFlyer-1-e1485714904954-300x208.jpg 300w, https:\/\/claudia-triebe.de\/wp-content\/uploads\/2017\/01\/BudokonFlyer-1-e1485714904954.jpg 480w\" sizes=\"auto, (max-width: 300px) 100vw, 300px\" \/><\/b><\/span><\/h5>\n<p class=\"p3\"><span class=\"s1\"><b>Entdecke den inneren Krieger in dir, lasse ihn erwachen und deinen Geist und deinen K\u00f6rper mit neuer Kraft und Energie versorgen.<br \/>\n<\/b><\/span><\/p>\n<p class=\"p5\"><span class=\"s1\">Flie\u00dfe durch kraftvolle, anmutige Positionen und erwecke dein inneres Feuer. Lasse alte Gedankenmuster los und verwandle Unsicherheit in St\u00e4rke, Stabilit\u00e4t und Flexibilit\u00e4t. <\/span><\/p>\n<p class=\"p5\"><span class=\"s1\">Der Weg des Kriegers f\u00fchrt durch sieben Sektionen: Das Erwachen des Kriegers, das Erkennen des zerrissenen Geistes, der Stolz des Kriegers, die Vereinigung, die Balance, die Erinnerung und die Wiedergeburt.<\/span><\/p>\n<p class=\"p5\"><span class=\"s1\"><img loading=\"lazy\" decoding=\"async\" class=\"size-medium wp-image-280 alignleft\" src=\"http:\/\/web3671.server24.web4a.de\/claudia-triebe.de\/wp-content\/uploads\/2017\/04\/LachenMail-300x200.jpg\" alt=\"\" width=\"300\" height=\"200\" srcset=\"https:\/\/claudia-triebe.de\/wp-content\/uploads\/2017\/04\/LachenMail-300x200.jpg 300w, https:\/\/claudia-triebe.de\/wp-content\/uploads\/2017\/04\/LachenMail-768x512.jpg 768w, https:\/\/claudia-triebe.de\/wp-content\/uploads\/2017\/04\/LachenMail-1024x683.jpg 1024w, https:\/\/claudia-triebe.de\/wp-content\/uploads\/2017\/04\/LachenMail.jpg 2048w\" sizes=\"auto, (max-width: 300px) 100vw, 300px\" \/>Dieser Workshop stellt einige Positionen und Flows aus den verschiedenen Sektionen der Budokon\u00aeYoga Primary Series vor. Budokon verbindet Bewegungsabl\u00e4ufe aus traditionellen Kampfkunststilen mit klassischen Yoga-Elementen. Kontrollierte Bewegungen im Fluss st\u00e4rken die Muskulatur, verbessern die Standfestigkeit und konzentrieren den Geist. Du\u00a0entwickelst Kraft und Energie und verwirklichst deinen inneren Krieger.<br \/>\n<\/span><\/p>\n<p>Dauer: 2 1\/2 Stunden<\/p>\n<p class=\"p1\"><span class=\"s1\">Kosten: 39,00 \u20ac pro Teilnehmer<\/span><\/p>\n<hr \/>\n<h3><strong>Inside Flow<\/strong><span class=\"s1\">\u00ae<\/span><strong>Yoga Workshop<\/strong><\/h3>\n<p><img loading=\"lazy\" decoding=\"async\" class=\"wp-image-424 alignleft\" src=\"http:\/\/web3671.server24.web4a.de\/claudia-triebe.de\/wp-content\/uploads\/2017\/12\/Insideflow-Primary-Logo-Gold-300x166.png\" alt=\"\" width=\"220\" height=\"122\" srcset=\"https:\/\/claudia-triebe.de\/wp-content\/uploads\/2017\/12\/Insideflow-Primary-Logo-Gold-300x166.png 300w, https:\/\/claudia-triebe.de\/wp-content\/uploads\/2017\/12\/Insideflow-Primary-Logo-Gold-768x426.png 768w, https:\/\/claudia-triebe.de\/wp-content\/uploads\/2017\/12\/Insideflow-Primary-Logo-Gold-1024x568.png 1024w, https:\/\/claudia-triebe.de\/wp-content\/uploads\/2017\/12\/Insideflow-Primary-Logo-Gold.png 1195w\" sizes=\"auto, (max-width: 220px) 100vw, 220px\" \/><\/p>\n<h5 class=\"p1\"><\/h5>\n<h5 class=\"p1\"><\/h5>\n<h5 class=\"p1\"><\/h5>\n<h5 class=\"p1\">F\u00fchle die Musik und nutze ihre Kraft.<\/h5>\n<p class=\"p1\">Young-Ho Kim entwickelte diesen speziellen Yoga-Stil als eine Symbiose von Tradition und Evolution. Eine Choreografie von Asanas zu moderner Musik l\u00e4sst die Teilnehmer Atem- und K\u00f6rperbewegung miteinander verbinden \u00e4hnlich wie im Vinyasa Flow.<\/p>\n<p class=\"p1\"><span class=\"s1\">Durch eine speziell auf den Takt ausgearbeitete Bewegungsabfolge erscheint der Flow durch die Asanas wie ein Tanz.\u00a0<\/span><\/p>\n<p class=\"p1\"><span class=\"s1\">Bewegend und zugleich spirituell erf\u00e4hrt der Yoga-\u00dcbende in der Wiederholung die einzigartige Verbindung von Takt, Bewegung, Atem, K\u00f6rper und Geist.\u00a0<\/span><\/p>\n<p class=\"p1\"><span class=\"s1\">Die Musik erlaubt es, die <strong>Aufmerksamkeit nach Innen<\/strong> zu lenken und beeinflusst den <strong>emotionalen Ausdruck der Bewegungen<\/strong>. So gestaltet sich der<strong> Inside Flow<\/strong><\/span><span class=\"s1\">\u00ae\u00a0<\/span>zu einem unvergesslichen Erlebnis.<\/p>\n<p class=\"p1\">Dauer: 2 1\/2 Stunden<\/p>\n<p class=\"p1\">Kosten: 39,00\u00a0\u20ac pro Teilnehmer<\/p>\n<hr \/>\n<h3 class=\"p1\"><b>Aerial Yoga Einsteiger-Workshop<\/b><\/h3>\n<h5><strong>Fliegen: sich fallen lassen &#8211; mutig sein &#8211; los lassen<\/strong><\/h5>\n<p class=\"p1\"><span class=\"s1\"><strong>Fliegen:<\/strong> Wer hat sich als Kind nicht diese Superkraft gew\u00fcnscht? Durch die Luft schweben, sich frei und ungebunden f\u00fchlen. Erf\u00fclle Dir diesen Traum: Erlebe und entdecke Dich neu in diesem Aerial Yoga Einsteiger-Workshop.<\/span><\/p>\n<p class=\"p1\"><span class=\"s1\"><strong>Loslassen:<\/strong> Alle \u00c4ngste, Sorgen und Bef\u00fcrchtungen vergessen; sich selbst bewusst werden, ersp\u00fcren, wahrnehmen, frei von allen Zw\u00e4ngen.<\/span><\/p>\n<p class=\"p1\"><span class=\"s1\">Eine Yoga-Praxis im Aerial-Tuch erm\u00f6glicht diese kleinen Gl\u00fccksmomente. Flexibel aber auch mutig gehen wir \u00fcber unsere eigenen Grenzen hinaus und ersp\u00fcren, dass es noch mehr gibt als Kontrolle, Disziplin und Ausdauer. M\u00f6chtest Du mehr \u00fcber diesen besonderen Yoga-Stil erfahren? Der Aerial Yoga Einsteiger-Workshop bietet Dir erste Einblicke in diese Yoga-Praxis, weckt Dein Vertrauen zum Aerial-Yoga-Tuch und l\u00e4sst Dich anmutig und gelenkschonend durch st\u00e4rkende \u00dcbungen flie\u00dfen.<\/span><\/p>\n<p class=\"p1\"><span class=\"s1\">Fliege durch die L\u00fcfte &#8211; aufrecht, liegend oder aber \u00fcber Kopf &#8211; schwebe im Raum und erlebe neue Perspektiven. Genie\u00dfe den pr\u00e4zisen und kontrollierten Fluss von einer Asana in die N\u00e4chste in Verbindung mit Deiner Atmung und empfinde eine Leichtigkeit, die<span class=\"Apple-converted-space\">\u00a0 <\/span>h\u00e4ufig in unserem Alltag fehlt. Gleite\u00a0mutig in den Kopfstand und anschlie\u00dfend fast spielerisch mit geringem Kraftaufwand in den Handstand. Lasse los, lasse neu entfachte Energie und Kreativit\u00e4t durch Deinen K\u00f6rper str\u00f6men, erfahre Freiheit und Lebensfreude.<\/span><\/p>\n<p class=\"p1\"><span class=\"s1\">Dauer: 2 1\/2 Stunden<\/span><\/p>\n<p class=\"p1\"><span class=\"s1\">Kosten: 39,00 \u20ac pro Teilnehmer<\/span><\/p>\n<hr \/>\n<h3 class=\"p1\"><span class=\"s1\"><b>Aerial Yoga Workshop<\/b><\/span><\/h3>\n<h5 class=\"p1\"><span class=\"s1\"><b>Vinaysa Flow Yoga im Yoga Tuch &#8211; Schwebend im Fluss der Bewegung<\/b><\/span><\/h5>\n<p class=\"p2\"><span class=\"s1\">Flie\u00dfe gelenkschonend mit anmutiger Leichtigkeit und geringem Kraftaufwand durch regenerierende, verj\u00fcngende und belebende Umkehrhaltungen. Kr\u00e4ftige, st\u00e4rke, dehne vielf\u00e4ltige Muskelgruppen, gewinne Stabilit\u00e4t und neue Perspektiven. <\/span><\/p>\n<p class=\"p2\"><span class=\"s1\">Weniger erfahrene oder auch erfahrene Yogis und Yoginis sp\u00fcren in ihren K\u00f6rper hinein und erkennen, dass es ihnen unm\u00f6glich erscheint, anmutig vom Kopfstand in den Unterarmstand und dann noch in den Handstand zu flie\u00dfen. Dar\u00fcber hinaus lassen sich Begriffe wie Leichtigkeit, geringer Kraftaufwand oder gelenkschonend mit diesen Haltungen erst recht nicht verbinden.<\/span><\/p>\n<p class=\"p2\"><span class=\"s1\"><b>Das Tuch macht es m\u00f6glich. Und noch vieles mehr:<\/b> <\/span><\/p>\n<p class=\"p2\"><span class=\"s1\">Dieser Workshop richtet sich an Yoga-Lehrer, die Aerial Yoga, Swing Yoga oder Yoga im Tuch unterrichten und an interessierte Sch\u00fcler, die ihre Praxis im Tuch vertiefen oder abwechslungsreicher gestalten m\u00f6chten. <\/span><\/p>\n<ul>\n<li class=\"p2\"><span class=\"s1\">Flie\u00dfe durch die Sonnengr\u00fc\u00dfe mit ihren Variationen, fokussiere deinen Geist und verbinde deinen Atem mit den Bewegungen<\/span><\/li>\n<li class=\"p2\"><span class=\"s1\">Lerne verschiedene Positionen mit kreativen \u00dcberg\u00e4ngen zu erg\u00e4nzen und zu einem nutzbringenden Flow zu gestalten<\/span><\/li>\n<li class=\"p2\"><span class=\"s1\">Gleite im \u201ePeak-Asana-Flow\u201c scheinbar schwerelos aber dennoch achtsam nach einer wunderbaren, muskelaktivierenden und H\u00fcftgelenk mobilisierenden \u00dcbungsabfolge in Hanumanasana (den Spagat)<\/span><\/li>\n<li class=\"p2\"><span class=\"s1\">Aktiviere die Energiezentren (Chakras) des K\u00f6rpers und l\u00f6se m\u00f6gliche Blockaden im \u201eEnergetischen Flow\u201c<\/span><\/li>\n<li class=\"p2\"><span class=\"s1\">Entdecke Mut und neue Perspektiven im \u201eUmkehr-Flow\u201c<\/span><\/li>\n<li class=\"p2\"><span class=\"s1\">Lasse los im \u201eEntspannungs-Flow\u201c<\/span><\/li>\n<\/ul>\n<p class=\"p1\"><span class=\"s1\">Dauer: 3 Stunden<\/span><\/p>\n<p class=\"p1\"><span class=\"s1\">Kosten: 44,00 \u20ac pro Teilnehmer<\/span><\/p>\n","protected":false},"excerpt":{"rendered":"<p>Folgende Workshops kannst Du mit mir in Deinem Studio anbieten: Yoga im Arbeitsalltag und in der Freizeit Yoga im B\u00fcro trifft Yoga nach dem Sport Verspannungen l\u00f6sen &#8211; Verletzungen vorbeugen! Nahezu bewegungslos verharren wir oft minuten- oder gar stundenlang in<\/p>\n","protected":false},"author":1,"featured_media":0,"parent":0,"menu_order":0,"comment_status":"closed","ping_status":"closed","template":"","meta":{"footnotes":""},"class_list":["post-38","page","type-page","status-publish","hentry"],"_links":{"self":[{"href":"https:\/\/claudia-triebe.de\/index.php?rest_route=\/wp\/v2\/pages\/38","targetHints":{"allow":["GET"]}}],"collection":[{"href":"https:\/\/claudia-triebe.de\/index.php?rest_route=\/wp\/v2\/pages"}],"about":[{"href":"https:\/\/claudia-triebe.de\/index.php?rest_route=\/wp\/v2\/types\/page"}],"author":[{"embeddable":true,"href":"https:\/\/claudia-triebe.de\/index.php?rest_route=\/wp\/v2\/users\/1"}],"replies":[{"embeddable":true,"href":"https:\/\/claudia-triebe.de\/index.php?rest_route=%2Fwp%2Fv2%2Fcomments&post=38"}],"version-history":[{"count":126,"href":"https:\/\/claudia-triebe.de\/index.php?rest_route=\/wp\/v2\/pages\/38\/revisions"}],"predecessor-version":[{"id":1025,"href":"https:\/\/claudia-triebe.de\/index.php?rest_route=\/wp\/v2\/pages\/38\/revisions\/1025"}],"wp:attachment":[{"href":"https:\/\/claudia-triebe.de\/index.php?rest_route=%2Fwp%2Fv2%2Fmedia&parent=38"}],"curies":[{"name":"wp","href":"https:\/\/api.w.org\/{rel}","templated":true}]}}